{"id":1565,"date":"2020-11-26T13:35:04","date_gmt":"2020-11-26T12:35:04","guid":{"rendered":"https:\/\/khodamehri.com\/?page_id=1565"},"modified":"2020-12-07T12:56:33","modified_gmt":"2020-12-07T11:56:33","slug":"datenschutz","status":"publish","type":"page","link":"https:\/\/khodamehri.com\/de\/datenschutz\/","title":{"rendered":"Datenschutz"},"content":{"rendered":"<div id=\"container\"><main id=\"main\"><\/p>\n<p style=\"text-align: left;\"><span style=\"color: var(--global-palette3); font-family: helvetica, arial, sans-serif; font-size: 32px; font-weight: bold; text-align: justify;\">Datenschutzerkl\u00e4rung<\/span><\/p>\n<div class=\"inside\" style=\"text-align: left;\">\n<div id=\"article-535\" class=\"mod_article first last block\">\n<div class=\"inside\">\n<div id=\"privacy\" class=\"privacy\">\n<div class=\"ce_text privacy_item general_part4 block\">\n<div class=\"text\">\n<div class=\"ce_text privacy_item general_part1 block\">\n<div class=\"text\" style=\"text-align: justify;\">\n<p style=\"text-align: left;\"><span style=\"font-family: helvetica, arial, sans-serif;\">Mit dieser Datenschutzerkl\u00e4rung m\u00f6chten wir Sie \u00fcber Art, Umfang und Zweck der Verarbeitung von personenbezogenen Daten (im Folgenden auch nur als &#8222;Daten&#8220; bezeichnet) aufkl\u00e4ren. Personenbezogene Daten sind alle Daten, die einen pers\u00f6nlichen Bezug zu Ihnen aufweisen, z. B. Name, Adresse, E-Mail-Adresse oder Ihr Nutzerverhalten. Die Datenschutzerkl\u00e4rung gilt f\u00fcr alle von uns vorgenommene Daten-Verarbeitungsvorg\u00e4nge sowohl im Rahmen unserer Kernt\u00e4tigkeit als auch f\u00fcr die von uns vorgehaltenen Online-Medien.<\/span><\/p>\n<\/div>\n<\/div>\n<div class=\"ce_text privacy_item contact_responsible block\" style=\"text-align: justify;\">\n<div class=\"text\">\n<h2 style=\"text-align: left;\"><span style=\"font-family: helvetica, arial, sans-serif;\">Wer bei uns f\u00fcr die Datenverarbeitung verantwortlich ist<\/span><\/h2>\n<p><span style=\"font-family: helvetica, arial, sans-serif;\">Verantwortlich f\u00fcr die Datenverarbeitung ist:<\/span><\/p>\n<\/div>\n<\/div>\n<p><span style=\"font-family: helvetica, arial, sans-serif;\">Hypnose-Institut Berlin<\/span><br \/>\n<span style=\"font-family: helvetica, arial, sans-serif;\">Reza Khodamehri<\/span><br \/>\n<span style=\"font-family: helvetica, arial, sans-serif;\">Simon-Dach-Stra\u00dfe 25<\/span><br \/>\n<span style=\"font-family: helvetica, arial, sans-serif;\">10245 Berlin<\/span><br \/>\n<span style=\"font-family: helvetica, arial, sans-serif;\">Germany<\/span><br \/>\n<span style=\"font-family: helvetica, arial, sans-serif;\">+49 30 220 16 464<\/span><br \/>\n<span style=\"font-family: helvetica, arial, sans-serif;\">reza@khodamehri.com<\/span><br \/>\n<span style=\"font-family: helvetica, arial, sans-serif;\">https:\/\/khodamehri.com\/<\/span><\/p>\n<div class=\"ce_text privacy_item general_part3 block\" style=\"text-align: justify;\">\n<div class=\"text\">\n<h2 style=\"text-align: left;\"><span style=\"font-family: helvetica, arial, sans-serif;\">Ihre Rechte nach der DSGVO<\/span><\/h2>\n<p style=\"text-align: left;\"><span style=\"font-family: helvetica, arial, sans-serif;\">Nach der DSGVO stehen Ihnen die nachfolgend aufgef\u00fchrten Rechte zu, die Sie jederzeit bei dem in Ziffer 1. dieser Datenschutzerkl\u00e4rung genannten Verantwortlichen geltend machen k\u00f6nnen:<\/span><\/p>\n<ul>\n<li style=\"text-align: left;\"><span style=\"font-family: helvetica, arial, sans-serif;\"><strong>Recht auf Auskunft:<\/strong>\u00a0Sie haben das Recht, von uns Auskunft dar\u00fcber zu verlangen, ob und welche Daten wir von Ihnen verarbeiten.<\/span><\/li>\n<li style=\"text-align: left;\"><span style=\"font-family: helvetica, arial, sans-serif;\"><strong>Recht auf Berichtigung:<\/strong>\u00a0Sie haben das Recht, die Berichtigung unrichtiger oder Vervollst\u00e4ndigung unvollst\u00e4ndiger Daten zu verlangen.<\/span><\/li>\n<li style=\"text-align: left;\"><span style=\"font-family: helvetica, arial, sans-serif;\"><strong>Recht auf L\u00f6schung:<\/strong>\u00a0Sie haben das Recht, die L\u00f6schung Ihrer Daten zu verlangen.<\/span><\/li>\n<li style=\"text-align: left;\"><span style=\"font-family: helvetica, arial, sans-serif;\"><strong>Recht auf Einschr\u00e4nkung:<\/strong>\u00a0Sie haben in bestimmten F\u00e4llen das Recht zu verlangen, dass wir Ihre Daten nur noch eingeschr\u00e4nkt bearbeiten.<\/span><\/li>\n<li style=\"text-align: left;\"><span style=\"font-family: helvetica, arial, sans-serif;\"><strong>Recht auf Daten\u00fcbertragbarkeit:<\/strong>\u00a0Sie haben das Recht zu verlangen, dass wir Ihnen oder einem anderen Verantwortlichen Ihre Daten in einem strukturierten, g\u00e4ngigen und maschinenlesebaren Format \u00fcbermitteln.<\/span><\/li>\n<li style=\"text-align: left;\"><span style=\"font-family: helvetica, arial, sans-serif;\"><strong>Beschwerderecht<\/strong>: Sie haben das Recht, sich bei einer Aufsichtsbeh\u00f6rde zu beschweren. Zust\u00e4ndig ist die Aufsichtsbeh\u00f6rde Ihres \u00fcblichen Aufenthaltsortes, Ihres Arbeitsplatzes oder unseres Firmensitzes.<\/span><\/li>\n<\/ul>\n<h3 style=\"text-align: left;\"><span style=\"font-family: helvetica, arial, sans-serif;\">Widerrufsrecht<\/span><\/h3>\n<p style=\"text-align: left;\"><span style=\"font-family: helvetica, arial, sans-serif;\">Sie haben das Recht, die von Ihnen erteilte Einwilligung zur Datenverarbeitung jederzeit zu widerrufen.<\/span><\/p>\n<h3 style=\"text-align: left;\"><span style=\"font-family: helvetica, arial, sans-serif;\">Widerspruchsrecht<\/span><\/h3>\n<p style=\"text-align: left;\"><span style=\"font-family: helvetica, arial, sans-serif;\">Sie haben das Recht, jederzeit gegen die Verarbeitung Ihrer Daten, die wir auf unser berechtigtes Interesse nach Art. 6 Abs. 1 lit. f DSGVO st\u00fctzen, Widerspruch einzulegen. Sofern Sie von Ihrem Widerspruchsrecht Gebrauch machen, bitten wir Sie um die Darlegung der Gr\u00fcnde. Wir werden Ihre personenbezogenen Daten dann nicht mehr verarbeiten, es sei denn, wir k\u00f6nnen Ihnen gegen\u00fcber nachweisen, dass zwingende schutzw\u00fcrdige Gr\u00fcnde an der Datenverarbeitung Ihre Interessen und Rechte \u00fcberwiegen.<\/span><\/p>\n<p style=\"text-align: left;\"><span style=\"font-family: helvetica, arial, sans-serif;\"><strong>Unabh\u00e4ngig vom vorstehend Gesagten, haben Sie das jederzeitige Recht, der Verarbeitung Ihrer personenbezogenen Daten f\u00fcr Zwecke der Werbung und Datenanalyse zu widersprechen.<\/strong><\/span><\/p>\n<p style=\"text-align: left;\"><span style=\"font-family: helvetica, arial, sans-serif;\">Ihren Widerspruch richten Sie bitte an die oben angegebene Kontaktadresse des Verantwortlichen.<\/span><\/p>\n<h2 style=\"text-align: left;\"><span style=\"font-family: helvetica, arial, sans-serif;\">Wann l\u00f6schen wir Ihre Daten?<\/span><\/h2>\n<p style=\"text-align: left;\"><span style=\"font-family: helvetica, arial, sans-serif;\">Wir l\u00f6schen Ihre Daten dann, wenn wir diese nicht mehr brauchen oder Sie uns dies vorgeben. Dass bedeutet, dass &#8211; sofern sich aus den einzelnen Datenschutzhinweisen dieser Datenschutzerkl\u00e4rung nichts anderes ergibt &#8211; wir Ihre Daten l\u00f6schen,<\/span><\/p>\n<ul>\n<li style=\"text-align: left;\"><span style=\"font-family: helvetica, arial, sans-serif;\">wenn der Zweck der Datenverarbeitung weggefallen ist und damit die jeweilige in den einzelnen Datenschutzhinweisen genannte Rechtsgrundlage nicht mehr besteht, also bspw.<\/span>\n<ul>\n<li><span style=\"font-family: helvetica, arial, sans-serif;\">nach Beendigung der zwischen uns bestehenden vertraglichen oder mitgliedschaftlichen Beziehungen (Art. 6 Abs. 1 lit. a DSGVO) oder<\/span><\/li>\n<li><span style=\"font-family: helvetica, arial, sans-serif;\">nach Wegfall unseres berechtigten Interesses an der weiteren Verarbeitung oder Speicherung Ihrer Daten (Art. 6 Abs. 1 lit. f DSGVO),<\/span><\/li>\n<\/ul>\n<\/li>\n<li style=\"text-align: left;\"><span style=\"font-family: helvetica, arial, sans-serif;\">wenn Sie von Ihrem Widerrufsrecht Gebrauch machen und keine anderweitige gesetzliche Rechtsgrundlage f\u00fcr die Verarbeitung im Sinne von Art. 6 Abs. 1 lit. b-f DSGVO eingreift,<\/span><\/li>\n<li style=\"text-align: left;\"><span style=\"font-family: helvetica, arial, sans-serif;\">wenn Sie vom Ihrem Widerspruchsrecht Gebrauch machen und der L\u00f6schung keine zwingenden schutzw\u00fcrdigen Gr\u00fcnde entgegenstehen.<\/span><\/li>\n<\/ul>\n<p style=\"text-align: left;\"><span style=\"font-family: helvetica, arial, sans-serif;\">Sofern wir (bestimmte Teile) Ihre(r) Daten jedoch noch f\u00fcr andere Zwecke vorhalten m\u00fcssen, weil dies etwa steuerliche Aufbewahrungsfristen (in der Regel 6 Jahre f\u00fcr Gesch\u00e4ftskorrespondenz bzw. 10 Jahre f\u00fcr Buchungsbelege) oder die Geltendmachung, Aus\u00fcbung oder Verteidigung von Rechtsanspr\u00fcchen aus vertraglichen Beziehungen (bis zu vier Jahren) erforderlich machen oder die Daten zum Schutz der Rechte einer anderen nat\u00fcrlichen oder juristischen Person gebraucht werden, l\u00f6schen wir (den Teil) Ihre(r) Daten erst nach Ablauf dieser Fristen. Bis zum Ablauf dieser Fristen beschr\u00e4nken wir die Verarbeitung dieser Daten jedoch auf diese Zwecke (Erf\u00fcllung der Aufbewahrungspflichten).<\/span><\/p>\n<\/div>\n<\/div>\n<div class=\"ce_text privacy_item general_part2 block\" style=\"text-align: justify;\">\n<div class=\"text\">\n<h2 style=\"text-align: left;\"><span style=\"font-family: helvetica, arial, sans-serif;\">Cookies<\/span><\/h2>\n<p style=\"text-align: left;\"><span style=\"font-family: helvetica, arial, sans-serif;\">Unsere Internetseite nutzt Cookies. Bei Cookies handelt es sich um kleine Textdateien, bestehend aus einer Reihe von Zahlen und Buchstaben, die auf dem von Ihnen genutzten Endger\u00e4t abgelegt und gespeichert werden. Cookies dienen vorrangig dazu, Informationen zwischen dem von Ihnen genutzten Endger\u00e4t und unserer Webseite auszutauschen. Hierzu geh\u00f6ren u. a. die Spracheinstellungen auf einer Webseite, der Login-Status oder die Stelle, an der ein Video geschaut wurde.<\/span><\/p>\n<p style=\"text-align: left;\"><span style=\"font-family: helvetica, arial, sans-serif;\">Beim Besuch unserer Webseiten werden zwei Typen von Cookies eingesetzt:<\/span><\/p>\n<ul>\n<li style=\"text-align: left;\"><span style=\"font-family: helvetica, arial, sans-serif;\"><strong>Tempor\u00e4re Cookies (Session Cookies):<\/strong>\u00a0Diese speichern eine sogenannte Session-ID, mit welcher sich verschiedene Anfragen Ihres Browsers der gemeinsamen Sitzung zuordnen lassen. Die Session-Cookies werden gel\u00f6scht, wenn Sie sich ausloggen oder Ihren Browser schlie\u00dfen.<\/span><\/li>\n<li style=\"text-align: left;\"><span style=\"font-family: helvetica, arial, sans-serif;\"><strong>Permanente Cookies:\u00a0<\/strong>Permanente Cookies bleiben auch nach dem Schlie\u00dfen des Browsers gespeichert. Dadurch erkennt unsere Webseite Ihren Rechner wieder, wenn Sie auf unsere Webseite zur\u00fcckkehren. In diesen Cookies werden beispielsweise Informationen zu Spracheinstellungen oder Log-In-Informationen gespeichert. Au\u00dferdem kann mit diesen Cookies Ihr Surfverhalten dokumentiert und gespeichert werden. Diese Daten k\u00f6nnen zu Statistik-, Marketing- und Personalisierungs-Zwecken verwendet werden.<\/span><\/li>\n<\/ul>\n<p style=\"text-align: left;\"><span style=\"font-family: helvetica, arial, sans-serif;\">Neben der vorstehenden Einteilung k\u00f6nnen Cookies auch im Hinblick auf ihren Einsatzzweck unterschieden werden:<\/span><\/p>\n<ul style=\"text-align: left;\">\n<li><span style=\"font-family: helvetica, arial, sans-serif;\"><strong>Notwendige Cookies:<\/strong>\u00a0Dies sind Cookies, die f\u00fcr den Betrieb unserer Webseite unbedingt erforderlich sind, um Logins oder Warenk\u00f6rbe f\u00fcr die Dauer Ihrer Sitzung zu speichern oder Cookies, die aus Sicherheitsgr\u00fcnden gesetzt werden.<\/span><\/li>\n<li><span style=\"font-family: helvetica, arial, sans-serif;\"><strong>Statistik-, Marketing- und Personalisierungs-Cookies:<\/strong>\u00a0Dies sind Cookies, die f\u00fcr Analysezwecke oder die Reichweitenmessung eingesetzt werden. \u00dcber solche &#8222;Tracking&#8220;-Cookies k\u00f6nnen insbesondere Informationen zu eingegebenen Suchbegriffen oder die H\u00e4ufigkeit von Seitenaufrufen gespeichert sein. Daneben kann aber auch das Surfverhalten eines einzelnen Nutzers (z. B. Betrachten bestimmter Inhalte, Nutzen von Funktionen etc.) in einem Nutzerprofil gespeichert werden. Solche Profile werden genutzt, um Nutzern Inhalte anzuzeigen, die deren potentiellen Interessen entsprechen. Soweit wir Dienste nutzen, \u00fcber die Cookies zu Statistik-, Marketing- und Personalisierungs-Zwecken auf Ihrem Endger\u00e4t gespeichert werden, informieren wir Sie hierzu gesondert in den nachfolgenden Abschnitten unserer Datenschutzerkl\u00e4rung oder im Rahmen der Einholung Ihrer Einwilligung.<\/span><\/li>\n<\/ul>\n<p style=\"text-align: left;\"><span style=\"font-family: helvetica, arial, sans-serif;\"><strong>Betroffene Daten:<\/strong><\/span><\/p>\n<ul>\n<li style=\"text-align: left;\"><span style=\"font-family: helvetica, arial, sans-serif;\">Nutzungsdaten (bspw. Zugriffszeiten, angeklickte Webseiten)<\/span><\/li>\n<li style=\"text-align: left;\"><span style=\"font-family: helvetica, arial, sans-serif;\">Kommunikationsdaten (bspw. Informationen \u00fcber das genutzte Ger\u00e4t, IP-Adresse).<\/span><\/li>\n<\/ul>\n<p style=\"text-align: left;\"><span style=\"font-family: helvetica, arial, sans-serif;\"><strong>Betroffene Personen:\u00a0<\/strong>Nutzer unserer Onlineangebote<\/span><\/p>\n<p style=\"text-align: left;\"><span style=\"font-family: helvetica, arial, sans-serif;\"><strong>Verarbeitungszweck:\u00a0<\/strong>Ausspielen unserer Internetseiten, Gew\u00e4hrleistung des Betriebs unserer Internetseiten, Verbesserung unseres Internetangebotes, Kommunikation und Marketig<\/span><\/p>\n<p style=\"text-align: left;\"><span style=\"font-family: helvetica, arial, sans-serif;\"><strong>Rechtsgrundlage:<br \/>\nBerechtigtes Interesse, Art. 6 Abs. 1 lit. f DSGVO<\/strong><\/span><br \/>\n<span style=\"font-family: helvetica, arial, sans-serif;\">Sofern wir von Ihnen keine Einwilligung in das Setzen der Cookies einholen, st\u00fctzen wir die Verarbeitung Ihrer Daten auf unser berechtigtes Interesse, die Qualit\u00e4t und Benutzerfreundlichkeit unseres Internetauftritts, insbesondere der Inhalte und Funktionen zu verbessern. Sie haben \u00fcber die Sicherheitseinstellungen Ihres Browsers, dem Einsatz der von uns im Rahmen unseres berechtigten Interesses gesetzten Cookies zu widersprechen. Dort haben Sie die M\u00f6glichkeit festzulegen, ob Sie etwa von vornherein keine oder nur auf Nachfrage Cookies akzeptieren oder aber festlegen, dass Cookies nach jedem Schlie\u00dfen Ihres Browsers gel\u00f6scht werden. Werden Cookies f\u00fcr unsere Webseite deaktiviert, k\u00f6nnen m\u00f6glicherweise nicht mehr alle Funktionen der Webseite vollumf\u00e4nglich genutzt werden.<\/span><\/p>\n<\/div>\n<\/div>\n<div class=\"ce_text block\" style=\"text-align: justify;\">\n<div class=\"text\">\n<h2 style=\"text-align: left;\"><span style=\"font-family: helvetica, arial, sans-serif;\">Content-Delivery-Network<\/span><\/h2>\n<p style=\"text-align: left;\"><span style=\"font-family: helvetica, arial, sans-serif;\">Wir benutzen zum Ausspielen unserer Internetseiten ein Content-Delivery-Network (CDN). Ein CDN ist ein Netz regional verteilter und \u00fcber das Internet verbundener Server. \u00dcber das CDN werden skalierende Speicher- und Auslieferungskapazit\u00e4ten zur Verf\u00fcgung gestellt. Hierdurch werden die Ladezeiten unserer Internetseiten optimiert und auch bei gro\u00dfen Lastspitzen ein optimaler Datendurchsatz gew\u00e4hrleistet. Nutzeranfragen auf unseren Internetseiten werden \u00fcber Server des CDN geleitet. Aus diesen Datenstr\u00f6men werden Statistiken erstellt. Dies dient zum einen dazu, potentielle Bedrohungen f\u00fcr unsere Internetseiten durch Schadsoftware fr\u00fchzeitig zu erkennen und zum anderen unser Angebot stetig zu verbessern und unsere Internetseiten f\u00fcr Sie als Nutzer nutzerfreundlicher auszugestalten.<\/span><\/p>\n<p style=\"text-align: left;\"><span style=\"font-family: helvetica, arial, sans-serif;\">Wir m\u00f6chten Sie darauf hinweisen, dass je nach Sitzland des unten genannten Diensteanbieters die \u00fcber den Dienst erfassten Daten au\u00dferhalb des Raumes der Europ\u00e4ischen Union \u00fcbertragen und verarbeitet werden k\u00f6nnen. Es besteht in diesem Fall das Risiko, dass das von der DSGVO vorgeschriebene Datenschutzniveau nicht eingehalten und die Durchsetzung Ihrer Rechte nicht oder nur erschwert erfolgen kann.<\/span><\/p>\n<p style=\"text-align: left;\"><span style=\"font-family: helvetica, arial, sans-serif;\"><strong>Betroffene Daten:<\/strong><\/span><\/p>\n<ul>\n<li style=\"text-align: left;\"><span style=\"font-family: helvetica, arial, sans-serif;\">Inhaltsdaten (bspw. Posts, Fotos, Videos)<\/span><\/li>\n<li><span style=\"font-family: helvetica, arial, sans-serif;\">Nutzungsdaten (bspw. Zugriffszeiten, angeklickte Webseiten)<\/span><\/li>\n<li><span style=\"font-family: helvetica, arial, sans-serif;\">Kommunikationsdaten (bspw. Informationen \u00fcber das genutzte Ger\u00e4t, IP-Adresse)<\/span><\/li>\n<\/ul>\n<p style=\"text-align: left;\"><span style=\"font-family: helvetica, arial, sans-serif;\"><strong>Verarbeitungszweck:\u00a0<\/strong>Technische Optimierung der Internetpr\u00e4senz, Analyse von Fehlern und Nutzerverhalten<\/span><\/p>\n<p><span style=\"font-family: helvetica, arial, sans-serif;\"><strong>Rechtsgrundlage:<\/strong>\u00a0Berechtigtes Interesse, Art. 6 Abs. 1 lit. f DSGVO<\/span><\/p>\n<h3><span style=\"font-family: helvetica, arial, sans-serif;\">Eingesetze CDN-Dienstleister:<\/span><\/h3>\n<\/div>\n<\/div>\n<div class=\"ce_text block\" style=\"text-align: justify;\">\n<div class=\"text\">\n<h2><span style=\"font-family: helvetica, arial, sans-serif;\">Kontaktaufnahme<\/span><\/h2>\n<p style=\"text-align: left;\"><span style=\"font-family: helvetica, arial, sans-serif;\">Soweit Sie uns \u00fcber E-Mail, Soziale Medien, Telefon, Fax, Post, unser Kontaktformular oder sonstwie ansprechen und uns hierbei personenbezogene Daten wie Ihren Namen, Ihre Telefonnummer oder Ihre E-Mail-Adresse zur Verf\u00fcgung stellen oder weitere Angaben zur Ihrer Person oder Ihrem Anliegen machen, verarbeiten wir diese Daten zur Beantwortung Ihrer Anfrage im Rahmen des zwischen uns bestehenden vorvertraglichen oder vertraglichen Beziehungen.<\/span><\/p>\n<p style=\"text-align: left;\"><span style=\"font-family: helvetica, arial, sans-serif;\"><strong>Betroffene Daten:<\/strong><\/span><\/p>\n<ul style=\"text-align: left;\">\n<li><span style=\"font-family: helvetica, arial, sans-serif;\">Bestandsdaten (bspw. Namen, Adressen)<\/span><\/li>\n<li><span style=\"font-family: helvetica, arial, sans-serif;\">Kontakdaten (bspw. E-Mail-Adresse, Telefonnummer, Postanschrift)<\/span><\/li>\n<li><span style=\"font-family: helvetica, arial, sans-serif;\">Inhaltsdaten (Texte, Fotos, Videos)<\/span><\/li>\n<li><span style=\"font-family: helvetica, arial, sans-serif;\">Vertragsdaten (bspw. Vertragsgegenstand, Vertragsdauer)<\/span><\/li>\n<\/ul>\n<p style=\"text-align: left;\"><span style=\"font-family: helvetica, arial, sans-serif;\"><strong>Betroffene Personen:\u00a0<\/strong>Interessenten, Kunden, Gesch\u00e4fts- und Vertragspartner<\/span><\/p>\n<p style=\"text-align: left;\"><span style=\"font-family: helvetica, arial, sans-serif;\"><strong>Verarbeitungszweck:\u00a0<\/strong>Kommunikation sowie Beantwortung von Kontaktanfragen, B\u00fcro und Organisationsverfahren<\/span><\/p>\n<p style=\"text-align: left;\"><span style=\"font-family: helvetica, arial, sans-serif;\"><strong>Rechtsgrundlage:<\/strong>\u00a0Vertragserf\u00fcllung und vorvertragliche Anfragen, Art. 6 Abs. 1 lit. b DSGVO, berechtigtes Interesse, Art. 6 Abs. 1 lit. f DSGVO<\/span><\/p>\n<\/div>\n<\/div>\n<div class=\"ce_text privacy_item blog block\" style=\"text-align: justify;\">\n<div class=\"text\">\n<h2 style=\"text-align: left;\"><span style=\"font-family: helvetica, arial, sans-serif;\">Ihre Kommentare oder Bewertungen<\/span><\/h2>\n<p style=\"text-align: left;\"><span style=\"font-family: helvetica, arial, sans-serif;\">Sie haben die M\u00f6glichkeit, auf den daf\u00fcr vorgesehenen Bereichen unserer Internetpr\u00e4senz unsere Beitr\u00e4ge zu kommentieren, Ihre Meinung zu \u00e4u\u00dfern oder Content einzustellen. Da wir f\u00fcr rechtsverletzende Inhalte Ihres Kommentars (Beleidigung, Schm\u00e4hkritik, Volksverhetzung, verbotene Gewaltdarstellung etc.) unter Umst\u00e4nden selbst in Haftung genommen werden k\u00f6nnen, speichern wir Ihre IP-Adresse f\u00fcr die Dauer von 7 Tagen, um gegebenenfalls hier\u00fcber Ihre Identit\u00e4t ermitteln zu k\u00f6nnen.<\/span><\/p>\n<p style=\"text-align: left;\"><span style=\"font-family: helvetica, arial, sans-serif;\"><strong>Rechtsgrundlage<\/strong>: Art. 6 Abs. 1 lit. f DSGVO<\/span><\/p>\n<p><span style=\"font-family: helvetica, arial, sans-serif;\"><strong>Betroffene Daten:<\/strong><\/span><\/p>\n<ul>\n<li><span style=\"font-family: helvetica, arial, sans-serif;\">Bestandsdaten (bspw. Namen, Adressen)<\/span><\/li>\n<li><span style=\"font-family: helvetica, arial, sans-serif;\">Inhaltsdaten (bspw. Posts, Fotos, Videos)<\/span><\/li>\n<li><span style=\"font-family: helvetica, arial, sans-serif;\">Nutzungsdaten (bspw. Zugriffszeiten, angeklickte Webseiten)<\/span><\/li>\n<li><span style=\"font-family: helvetica, arial, sans-serif;\">Kommunikationsdaten (bspw. Informationen \u00fcber das genutzte Ger\u00e4t, IP-Adresse)<\/span><\/li>\n<\/ul>\n<p style=\"text-align: left;\"><span style=\"font-family: helvetica, arial, sans-serif;\"><strong>Verarbeitungszweck:\u00a0<\/strong>Leistungserf\u00fcllung vertraglicher Verpflichtungen, Kommunikation und Abwicklung von Anfragen, Einholen von Feedback, Sicherheitsma\u00dfnahmen.<\/span><\/p>\n<\/div>\n<\/div>\n<div class=\"ce_text block\" style=\"text-align: justify;\">\n<div class=\"text\">\n<h2><span style=\"font-family: helvetica, arial, sans-serif;\">Online-Werbung<\/span><\/h2>\n<p style=\"text-align: left;\"><span style=\"font-family: helvetica, arial, sans-serif;\">Wir nutzen Dienste zum Ausspielen von Internetwerbung. \u00dcber die von uns genutzten Dienste werden durch einen Cookie oder Pixel bestimmte Nutzerdaten erhoben. Hierzu z\u00e4hlen insbesondere die Information von welcher Internetseite Sie auf unsere Internetpr\u00e4senz gelangt sind (sogenannte Referrer), auf welche Seiten unserer Internetpr\u00e4senz Sie zugegriffen haben, wie lange Sie unsere Seiten besucht und welche Interaktionen Sie dort vorgenommen haben. Daneben werden Daten zu dem von Ihnen verwendeten Browser, Computersystem sowie der Ger\u00e4teart erhoben. Au\u00dferdem k\u00f6nnen \u00fcber einen solchen Dienst auch demographische Informationen, wie bspw. das Alter oder das Geschlecht als pseudonyme Werte erfasst werden. Sofern Sie in die Erhebung Ihrer Standortdaten eingewilligt haben, k\u00f6nnen, je nach Anbieter, auch diese verarbeitet werden. Um diese Daten zu erfassen und zu speichern, setzt der jeweilige Dienst einen Cookie bzw. einen sogenannten Z\u00e4hl-Pixel auf das von Ihnen genutzte Endger\u00e4t, mit dem auch die Ihnen zugeordnete IP-Adresse erhoben wird. Allerdings wird diese \u00fcber ein sogenanntes IP-Masking-Verfahren gek\u00fcrzt, so dass die IP-Adresse nicht mehr Ihrem Besuch auf unserer Internetseite zugeordnet werden kann. Grunds\u00e4tzlich werden beim Einsatz des jeweiligen Dienstes keine Klardaten wie Namen oder E-Mail-Adressen gespeichert. Dies ist nur dann der Fall, wenn Sie Mitglied eines sozialen Netzwerks sind, das einen der nachstehend genannten Dienste anbietet und Ihr Profil mit dem vorgenannten Datenmaterial zusammenf\u00fchrt.<\/span><\/p>\n<p style=\"text-align: left;\"><span style=\"font-family: helvetica, arial, sans-serif;\">Die Daten werden von dem von uns eingesetzte Dienst ausgewertet, um daraus einen Bericht mit statistischen Aussagen \u00fcber die Anzahl der \u00fcber die Werbung generierten Besucher und den Erfolg der Werbema\u00dfnahme zu fertigen. In den Berichten werden unter anderem die Gesamtanzahl der Nutzer, die \u00fcber unsere Anzeigen auf unsere Webseite weitergeleitet wurden ausgewiesen. Daneben enthalten die Berichte Informationen zu den Endger\u00e4ten und Browsern der\u00a0Nutzer, an welchen Standorten sich die Nutzer befanden, zu welchen Zeiten die Werbeanzeige geklickt wurde. In den Berichten sind jedoch keine Informationen enthalten, mit denen Sie sich als Nutzer unserer Seite pers\u00f6nlich identifizieren lie\u00dfen.<\/span><\/p>\n<p style=\"text-align: left;\"><span style=\"font-family: helvetica, arial, sans-serif;\">Wir m\u00f6chten Sie darauf hinweisen, dass je nach Sitz des Diensteanbieters die \u00fcber den Dienst erfassten Daten au\u00dferhalb des Raumes der Europ\u00e4ischen Union \u00fcbertragen und verarbeitet werden k\u00f6nnen. Es besteht in diesem Fall das Risiko, dass das von der DSGVO vorgeschriebene Datenschutzniveau nicht eingehalten und die Durchsetzung Ihrer Rechte nicht oder nur erschwert erfolgen kann.<\/span><\/p>\n<p style=\"text-align: left;\"><span style=\"font-family: helvetica, arial, sans-serif;\"><strong>Betroffene Daten:<\/strong><\/span><\/p>\n<ul>\n<li style=\"text-align: left;\"><span style=\"font-family: helvetica, arial, sans-serif;\">Nutzungsdaten (bspw. Zugriffszeiten, angeklickte Webseiten)<\/span><\/li>\n<li style=\"text-align: left;\"><span style=\"font-family: helvetica, arial, sans-serif;\">Kommunikationsdaten (bspw. Informationen \u00fcber das genutzte Ger\u00e4t, IP-Adresse)<\/span><\/li>\n<\/ul>\n<p style=\"text-align: left;\"><span style=\"font-family: helvetica, arial, sans-serif;\"><strong>Betroffene Personen:\u00a0<\/strong>Nutzer unserer Onlineangebote<\/span><\/p>\n<p style=\"text-align: left;\"><span style=\"font-family: helvetica, arial, sans-serif;\"><strong>Verarbeitungszweck:\u00a0<\/strong>Reichweitenmessung, Erfolgskontrolle von Kampagnen, Remarketing sowie interessen- und verhaltensbedingtes Marketing<\/span><\/p>\n<p style=\"text-align: left;\"><span style=\"font-family: helvetica, arial, sans-serif;\"><strong>Rechtsgrundlage:<\/strong>\u00a0Sofern wir Sie vor dem Einsatz des jeweiligen Dienstes um Ihre Einwilligung gebeten haben, liegt hierin die Rechtsgrundlage, Art. 6 Abs. 1 lit. a DSGVO. Im \u00dcbrigen setzen wir den jeweiligen Dienst auf Grund unseres berechtigten Interesses ein, Besucherstr\u00f6me auf unsere Internetseite zu leiten, diese Besucherstr\u00f6me zu analysieren, um hier\u00fcber die Funktionen, Angebote sowie das Nutzungserlebnis fortlaufend verbessern zu k\u00f6nnen, Art. 6 Abs. 1 lit. f DSGVO.<\/span><\/p>\n<h3 style=\"text-align: left;\"><span style=\"font-family: helvetica, arial, sans-serif;\">Wir nutzen zur Online-Werbung folgende Diensteanbieter:<\/span><\/h3>\n<\/div>\n<\/div>\n<div class=\"ce_text privacy_item newsletter block\" style=\"text-align: justify;\">\n<div class=\"text\">\n<h2 style=\"text-align: left;\"><span style=\"font-family: helvetica, arial, sans-serif;\">Newsletter<\/span><\/h2>\n<p style=\"text-align: left;\"><span style=\"font-family: helvetica, arial, sans-serif;\">Wir versenden in regelm\u00e4\u00dfigen Abst\u00e4nden einen Newsletter, um unsere Kunden und Gesch\u00e4ftspartner und Interessenten \u00fcber unsere Angebote und \u00fcber hiermit im Zusammenhang stehende Neuigkeiten zu informieren. Sie haben die M\u00f6glichkeit, sich auf unserer Internetseite zu unserem Newsletter anmelden und im Rahmen der Anmeldung in den Empfang des Newsletters einzuwilligen. Wenn Sie sich zu unserem Newsletter anmelden, ist die Angabe Ihrer E-Mail-Adresse verpflichtend. Die E-Mail-Adresse speichern wir, um Ihnen den Newsletter zusenden zu k\u00f6nnen. Sobald eine Anmeldung zu unserem Newsletter erfolgt, erhalten Sie eine Best\u00e4tigungs-E-Mail an die bei der Anmeldung hinterlegte E-Mail-Adresse im sog. Double-Opt-In-Verfahren. Diese E-Mail enth\u00e4lt einen Link. Wenn Sie auf diesen Link klicken, best\u00e4tigen Sie, dass Sie\u00a0den Newsletter empfangen m\u00f6chten. Damit stellen wir sicher, dass Ihre E-Mail-Adresse bei der Anmeldung nicht von einem Dritten missbraucht wurde. Aus demselben Grunde speichern wir das Datum und die Uhrzeit der Anmeldung sowie die bei der Anmeldung Ihnen zugeordnete IP-Adresse. Die vorgenannten Daten geben wir nicht an Dritte weiter.<\/span><\/p>\n<p style=\"text-align: left;\"><span style=\"font-family: helvetica, arial, sans-serif;\"><strong>Betroffene Daten:<\/strong><\/span><\/p>\n<ul style=\"text-align: left;\">\n<li><span style=\"font-family: helvetica, arial, sans-serif;\">Inhaltsdaten (bspw. Posts, Fotos, Videos)<\/span><\/li>\n<li><span style=\"font-family: helvetica, arial, sans-serif;\">Nutzungsdaten (bspw. Zugriffszeiten, angeklickte Webseiten)<\/span><\/li>\n<li><span style=\"font-family: helvetica, arial, sans-serif;\">Kommunikationsdaten (bspw. Informationen \u00fcber das genutzte Ger\u00e4t, IP-Adresse)<\/span><\/li>\n<\/ul>\n<p style=\"text-align: left;\"><span style=\"font-family: helvetica, arial, sans-serif;\"><strong>Betroffene Personen:\u00a0<\/strong>Nutzer unserer Internetpr\u00e4senz<\/span><\/p>\n<p style=\"text-align: left;\"><span style=\"font-family: helvetica, arial, sans-serif;\"><strong>Verarbeitungszweck:\u00a0<\/strong>Ausspielen unserer Internetseiten, Gew\u00e4hrleistung des Betriebs unserer Internetseiten<\/span><\/p>\n<p style=\"text-align: left;\"><span style=\"font-family: helvetica, arial, sans-serif;\"><strong>Rechtsgrundlage:<\/strong>\u00a0Einwilligung, Art. 6 Abs. 1 lit. a DSGVO, berechtigtes Interesse, Art. 6 Abs. 1 lit. f DSGVO<\/span><\/p>\n<p style=\"text-align: left;\"><span style=\"font-family: helvetica, arial, sans-serif;\"><strong>L\u00f6schung:<\/strong>\u00a0Die L\u00f6schung der E-Mail-Adresse erfolgt entweder, wenn Sie 1 Monat nach Versand der Best\u00e4tigungs-E-Mail im Double-Opt-In-Verfahren den Best\u00e4tigungslink nicht angeklickt haben oder unmittelbar nachdem Sie sich von unserem Newsletter abgemeldet haben.<\/span><\/p>\n<p style=\"text-align: left;\"><span style=\"font-family: helvetica, arial, sans-serif;\"><strong>Widerruf:<\/strong>\u00a0Sie k\u00f6nnen Ihre Einwilligung in den Empfang des Newsletters jederzeit widerrufen und sich von dem Abonnement des Newsletters abmelden. Wir bieten folgende M\u00f6glichkeiten an, \u00fcber die Sie den Widerruf erkl\u00e4ren k\u00f6nnen:<\/span><\/p>\n<\/div>\n<\/div>\n<div class=\"ce_text block\" style=\"text-align: justify;\">\n<div class=\"text\">\n<h2 style=\"text-align: left;\"><span style=\"font-family: helvetica, arial, sans-serif;\">Werbung per E-Mail, Post oder Telefon<\/span><\/h2>\n<p style=\"text-align: left;\"><span style=\"font-family: helvetica, arial, sans-serif;\">F\u00fcr unsere werbliche Kommunikation per E-Mail, Post oder Telefon verarbeiten wir personenbezogene Daten. Sie k\u00f6nnen dem Erhalt unserer Werbema\u00dfnahmen jeder Zeit widersprechen oder die zuvor erteilte Einwilligung zum Erhalt unserer werblichen Kommunikation zu jeder Zeit widerrufen. Um auch nach Ihrem Widerspruch bzw. Widerruf im Zweifelsfall nachweisen zu k\u00f6nnen, dass Ihre Einwilligung vorlag, k\u00f6nnen wir Ihre Daten nach Ihrem Widerspruch\/Widerruf bis zu 4 Jahre speichern. F\u00fcr weitere Zwecke verwenden wir Ihre Daten nach Ihrem Widerspruch\/Widerruf nicht mehr. Sofern Sie wollen, dass wir Ihre Daten vorher l\u00f6schen, werden wir das tun, nachdem Sie uns best\u00e4tigt haben, dass Sie uns urspr\u00fcnglich eine Einwilligung erteilt haben.<\/span><\/p>\n<p style=\"text-align: left;\"><span style=\"font-family: helvetica, arial, sans-serif;\"><strong>Betroffene Daten:<\/strong><\/span><\/p>\n<ul style=\"text-align: left;\">\n<li><span style=\"font-family: helvetica, arial, sans-serif;\">Kontaktdaten (z.B. E-Mail, Telefonnummer, Postadresse)<\/span><\/li>\n<li><span style=\"font-family: helvetica, arial, sans-serif;\">Bestandsdaten (z.B. Namen, Adressen)<\/span><\/li>\n<\/ul>\n<p style=\"text-align: left;\"><span style=\"font-family: helvetica, arial, sans-serif;\"><strong>Betroffene Personen:\u00a0<\/strong>Kommunikationspartner<\/span><\/p>\n<p><span style=\"font-family: helvetica, arial, sans-serif;\"><strong>Verarbeitungszweck:\u00a0<\/strong>Direkte Werbema\u00dfnahmen (Marketing) per E-Mail, Post oder Telefon<\/span><\/p>\n<p><span style=\"font-family: helvetica, arial, sans-serif;\"><strong>Rechtsgrundlage:<\/strong>\u00a0Einwilligung, Art. 6 Abs. 1 lit. a DSGVO, berechtigtes Interesse, Art. 6 Abs. 1 lit. f DSGVO<\/span><\/p>\n<\/div>\n<\/div>\n<div class=\"ce_text block\" style=\"text-align: justify;\">\n<div class=\"text\">\n<h2 style=\"text-align: left;\"><span style=\"font-family: helvetica, arial, sans-serif;\">Webanalyse und Statistik<\/span><\/h2>\n<p style=\"text-align: left;\"><span style=\"font-family: helvetica, arial, sans-serif;\">Um die Besucherstr\u00f6me auf unserer Internetpr\u00e4senz zu erfassen und statistisch auszuwerten, setzen wir Webanalyse-Dienste ein. Solche Dienste erfassen unter anderem Daten dar\u00fcber, von welcher Internetseite Sie auf unsere Internetpr\u00e4senz gelangt sind (sogenannte Referrer), auf welche Seiten unserer Internetpr\u00e4senz Sie zugegriffen haben, wie lange Sie unsere Seiten besucht und welche Interaktionen Sie dort vorgenommen haben. Daneben werden Daten zu dem von Ihnen verwendeten Browser, Computersystem sowie der Ger\u00e4teart erhoben. Au\u00dferdem k\u00f6nnen \u00fcber einen solchen Dienst auch demographische Informationen, wie bspw. das Alter oder das Geschlecht als pseudonyme Werte erfasst werden. Sofern Sie in die Erhebung Ihrer Standortdaten eingewilligt haben, k\u00f6nnen, je nach Anbieter, auch diese verarbeitet werden.<\/span><\/p>\n<p style=\"text-align: left;\"><span style=\"font-family: helvetica, arial, sans-serif;\">Um diese Daten zu erfassen und zu speichern, setzt der von uns verwendete Webanalyse-Dienst einen Cookie auf das von Ihnen genutzte Endger\u00e4t, mit dem auch die Ihnen zugeordnete IP-Adresse erhoben wird. Allerdings wird diese \u00fcber ein sogenanntes IP-Masking-Verfahren gek\u00fcrzt, so dass die IP-Adresse nicht mehr Ihrem Besuch auf unserer Internetseite zugeordnet werden kann. Auch im \u00dcbrigen werden keine Klardaten wie Namen oder E-Mail-Adressen gespeichert. Weder wir noch der von uns eingesetzte Dienst kennt die Identit\u00e4t der Besucher unserer Internetseiten.<\/span><\/p>\n<p style=\"text-align: left;\"><span style=\"font-family: helvetica, arial, sans-serif;\">Wir m\u00f6chten Sie darauf hinweisen, dass je nach Sitzland des unten genannten Diensteanbieters die \u00fcber den Dienst erfassten Daten au\u00dferhalb des Raumes der Europ\u00e4ischen Union \u00fcbertragen und verarbeitet werden k\u00f6nnen. Es besteht in diesem Fall das Risiko, dass das von der DSGVO vorgeschriebene Datenschutzniveau nicht eingehalten und die Durchsetzung Ihrer Rechte nicht oder nur erschwert erfolgen kann.<\/span><\/p>\n<p style=\"text-align: left;\"><span style=\"font-family: helvetica, arial, sans-serif;\"><strong>Betroffene Daten:<\/strong><\/span><\/p>\n<ul>\n<li><span style=\"font-family: helvetica, arial, sans-serif;\">Nutzungsdaten (bspw. Zugriffszeiten, angeklickte Webseiten)<\/span><\/li>\n<li><span style=\"font-family: helvetica, arial, sans-serif;\">Kommunikationsdaten (bspw. Informationen \u00fcber das genutzte Ger\u00e4t, IP-Adresse).<\/span><\/li>\n<\/ul>\n<p style=\"text-align: left;\"><span style=\"font-family: helvetica, arial, sans-serif;\"><strong>Betroffene Personen:\u00a0<\/strong>Nutzer unserer Onlineangebote<\/span><\/p>\n<p style=\"text-align: left;\"><span style=\"font-family: helvetica, arial, sans-serif;\"><strong>Verarbeitungszweck:\u00a0<\/strong>Reichweitenmessung, Erfolgskontrolle von Kampagnen, Remarketing sowie interessen- und verhaltensbedingtes Marketing<\/span><\/p>\n<p style=\"text-align: left;\"><span style=\"font-family: helvetica, arial, sans-serif;\"><strong>Rechtsgrundlage:<\/strong>\u00a0Sofern wir Sie vor dem Einsatz des jeweiligen Dienstes um Ihre Einwilligung gebeten haben, liegt hierin die Rechtsgrundlage, Art. 6 Abs. 1 lit. a DSGVO. Im \u00dcbrigen setzen wir den jeweiligen Dienst auf Grund unseres berechtigten Interesse ein, die Besucherstr\u00f6me unserer Internetseiten analysieren, um hier\u00fcber die Funktionen, Angebote sowie das Nutzungserlebnis fortlaufend verbessern zu k\u00f6nnen, Art. 6 Abs. 1 lit. f DSGVO.<\/span><\/p>\n<h3 style=\"text-align: left;\"><span style=\"font-family: helvetica, arial, sans-serif;\">Wir nutzen folgende Webanalyse-Dienste:<\/span><\/h3>\n<\/div>\n<\/div>\n<div class=\"ce_text block\" style=\"text-align: justify;\">\n<div class=\"text\">\n<h2 style=\"text-align: left;\"><span style=\"font-family: helvetica, arial, sans-serif;\">Unsere Onlinepr\u00e4senzen bei sozialen Netzwerken<\/span><\/h2>\n<p style=\"text-align: left;\"><span style=\"font-family: helvetica, arial, sans-serif;\">Wir betreiben Onlinepr\u00e4senzen innerhalb der nachfolgend aufgelisteten sozialen Netzwerke. Besuchen Sie eine dieser Pr\u00e4senzen, werden durch den jeweiligen Anbieter die unten n\u00e4her aufgef\u00fchrten Daten erhoben und verarbeitet. In der Regel werden diese Daten zur Werbe- und Marktforschungszwecke erhoben und hiermit Nutzungsprofile angelegt. In den Nutzungsprofilen k\u00f6nnen Daten unabh\u00e4ngig des von Ihnen verwendeten Ger\u00e4tes gespeichert werden. Dies ist insbesondere dann der Fall, wenn Sie Mitglied der jeweiligen Plattform und bei dieser eingeloggt sind. Die Nutzungsprofile k\u00f6nnen von den Anbietern dazu verwendet werden, um Ihnen interessenbezogene Werbung auszuspielen. Gegen die Erstellung von Nutzerprofilen steht Ihnen ein Widerrufsrecht zu. Um dieses auszu\u00fcben, m\u00fcssen Sie sich an den jeweiligen Anbieter wenden.<\/span><\/p>\n<p style=\"text-align: left;\"><span style=\"font-family: helvetica, arial, sans-serif;\">Wenn Sie einen Account bei einem der unten aufgef\u00fchrten Anbieter besitzen und beim Besuch unserer Webseite dort eingeloggt sind, kann der jeweilige Anbieter Daten \u00fcber Ihr Nutzungsverhalten auf unserer Webseite erheben. Um eine solche Verkn\u00fcpfung Ihrer Daten zu verhindern, k\u00f6nnen Sie sich vor dem Besuch unserer Seite bei dem Dienst des Anbieters ausloggen.<\/span><\/p>\n<p style=\"text-align: left;\"><span style=\"font-family: helvetica, arial, sans-serif;\">Zu welchem Zweck und in welchem Umfang Daten von dem Anbieter erhoben werden, k\u00f6nnen Sie den jeweiligen, im Folgenden mitgeteilten, Datenschutzerkl\u00e4rungen der Anbieter entnehmen.<\/span><\/p>\n<p style=\"text-align: left;\"><span style=\"font-family: helvetica, arial, sans-serif;\">Wir m\u00f6chten Sie darauf hinweisen, dass je nach Sitzland des unten genannten Anbieters die \u00fcber dessen Plattform erfassten Daten au\u00dferhalb des Raumes der Europ\u00e4ischen Union \u00fcbertragen und verarbeitet werden k\u00f6nnen. Es besteht in diesem Fall das Risiko, dass das von der DSGVO vorgeschriebene Datenschutzniveau nicht eingehalten und die Durchsetzung Ihrer Rechte nicht oder nur erschwert erfolgen kann.<\/span><\/p>\n<p style=\"text-align: left;\"><span style=\"font-family: helvetica, arial, sans-serif;\"><strong>Betroffene Daten:<\/strong><\/span><\/p>\n<ul style=\"text-align: left;\">\n<li><span style=\"font-family: helvetica, arial, sans-serif;\">Bestands- und Kontaktdaten (bspw. Name, Adresse, Telefonnummer, E-Mail-Adresse)<\/span><\/li>\n<li><span style=\"font-family: helvetica, arial, sans-serif;\">Inhaltsdaten (bspw. Posts, Fotos, Videos)<\/span><\/li>\n<li><span style=\"font-family: helvetica, arial, sans-serif;\">Nutzungsdaten (bspw. Zugriffszeiten, angeklickte Webseiten)<\/span><\/li>\n<li><span style=\"font-family: helvetica, arial, sans-serif;\">Kommunikationsdaten (bspw. Informationen \u00fcber das genutzte Ger\u00e4t, IP-Adresse).<\/span><\/li>\n<\/ul>\n<p style=\"text-align: left;\"><span style=\"font-family: helvetica, arial, sans-serif;\"><strong>Verarbeitungszweck:\u00a0<\/strong>Kommunikation und Marketing, Verfolgen und Anaylse von Nutzerverhalten<\/span><\/p>\n<p style=\"text-align: left;\"><span style=\"font-family: helvetica, arial, sans-serif;\"><strong>Rechtsgrundlage:<\/strong>\u00a0Einwilligung, Art. 6 Abs. 1 lit. a DSGVO, berechtigtes Interessen Art. 6 Abs. 1 lit. f DSGVO<\/span><\/p>\n<p style=\"text-align: left;\"><span style=\"font-family: helvetica, arial, sans-serif;\"><strong>Widerspruchsm\u00f6glichkeiten:\u00a0<\/strong>Zu den jeweiligen Widerspruchsm\u00f6glichkeiten (Opt-Out) verweisen wir auf die nachfolgend verlinkten Angaben der Anbieter.<\/span><\/p>\n<h3 style=\"text-align: left;\"><span style=\"font-family: helvetica, arial, sans-serif;\">Wir unterhalten Onlinepr\u00e4senzen auf folgenden sozialen Netzwerken:<\/span><\/h3>\n<\/div>\n<\/div>\n<div class=\"ce_text block\" style=\"text-align: justify;\">\n<div class=\"text\">\n<h2 style=\"text-align: left;\"><span style=\"font-family: helvetica, arial, sans-serif;\">Onlinemeetings, Videokonferenzen und Bildschirm-Sharing<\/span><\/h2>\n<p style=\"text-align: left;\"><span style=\"font-family: helvetica, arial, sans-serif;\">Wir nutzen Angebote von Drittanbietern, um Online-Meetings, Konferenzschaltungen per Video und\/oder Audio-Schaltung sowie Online-Seminare unter Mitarbeitern sowie mit Interessenten oder Kunden zu erm\u00f6glichen. Wenn Sie mit uns \u00fcber einen solchen Dienst kommunizieren, werden die in diesem Kommunikationsvorgang erhobenen Daten sowohl durch uns als auch durch den Drittanbieter verarbeitet. Zu den Daten, die in einem solchen Kommunikationsvorgang entstehen k\u00f6nnen, z\u00e4hlen insbesondere Ihre Anmelde- und Kontaktdaten, Beitr\u00e4ge im Chat-Fenster, Ihre Video- und Audio-Beitr\u00e4ge sowie geteilte Bildschirminhalte. Zu den durch den von uns eingesetzten Drittanbieter verarbeitet Daten geh\u00f6ren vorrangig Benutzerdaten sowie Metadaten (bspw. IP-Adresse, Computersystem-Informationen). In der Regel verarbeiten die Drittanbieter diese Daten, um die Sicherheit des Dienstes zu \u00fcberpr\u00fcfen und gew\u00e4hrleisten. Zudem sollen Erkenntnisse aus der Datenverarbeitung dazu genutzt werden, das Angebot des Drittanbieters zu optimieren sowie entsprechende Marketingma\u00dfnahmen durchzuf\u00fchren. Bitte beachten Sie diesbez\u00fcglich die Datenschutzhinweise des Drittanbieters.<\/span><\/p>\n<p style=\"text-align: left;\"><span style=\"font-family: helvetica, arial, sans-serif;\">Wir m\u00f6chten Sie darauf hinweisen, dass je nach Sitzland des unten genannten Diensteanbieters die \u00fcber den Dienst erfassten Daten au\u00dferhalb des Raumes der Europ\u00e4ischen Union \u00fcbertragen und verarbeitet werden k\u00f6nnen. Es besteht in diesem Fall das Risiko, dass das von der DSGVO vorgeschriebene Datenschutzniveau nicht eingehalten und die Durchsetzung Ihrer Rechte nicht oder nur erschwert erfolgen kann.<\/span><\/p>\n<p style=\"text-align: left;\"><span style=\"font-family: helvetica, arial, sans-serif;\"><strong>Betroffene Daten:<\/strong><\/span><\/p>\n<ul style=\"text-align: left;\">\n<li><span style=\"font-family: helvetica, arial, sans-serif;\">Bestandsdaten (bspw. Namen, Adressen)<\/span><\/li>\n<li><span style=\"font-family: helvetica, arial, sans-serif;\">Kontaktangaben (bspw. E-Mail-Adresse, Telefonnummer)<\/span><\/li>\n<li><span style=\"font-family: helvetica, arial, sans-serif;\">Geteilte Inhalte (bspw. Fotos, Videos, Texte, Audioaufnahmen)<\/span><\/li>\n<li><span style=\"font-family: helvetica, arial, sans-serif;\">Benutzerdaten (bspw. Zeiten der Zugriffe, besuchte Internetseiten, Interesse an Inhalten)<\/span><\/li>\n<li><span style=\"font-family: helvetica, arial, sans-serif;\">Meta- und Kommunikationsdaten (bspw. IP-Adresse, Computersystem Informationen)<\/span><\/li>\n<\/ul>\n<p style=\"text-align: left;\"><span style=\"font-family: helvetica, arial, sans-serif;\"><strong>Betroffene Personen:\u00a0<\/strong>Interessenten, Kunden, Kommunikationspartner<\/span><\/p>\n<p style=\"text-align: left;\"><span style=\"font-family: helvetica, arial, sans-serif;\"><strong>Verarbeitungszweck:\u00a0<\/strong>Verarbeitung von Kontaktanfragen, interne und externe Kommunikation mit Mitarbeitern sowie Interessenten und Kunden, Erf\u00fcllung unserer vertraglichen Leistungen, Serviceangebot<\/span><\/p>\n<p style=\"text-align: left;\"><span style=\"font-family: helvetica, arial, sans-serif;\"><strong>Rechtsgrundlage:<\/strong>\u00a0Einwilligung, Art. 6 Abs. 1 lit. a DSGVO, Vertragserf\u00fcllung und vorvertragliche Anfragen, Art. 6 Abs. 1 lit. b DSGVO, berechtigtes Interesse, Art. 6 Abs. 1 lit. f DSGVO<\/span><\/p>\n<h3><span style=\"font-family: helvetica, arial, sans-serif;\"><strong>Von uns verwendete Dienste:<\/strong><\/span><\/h3>\n<\/div>\n<\/div>\n<div class=\"ce_text block\" style=\"text-align: justify;\">\n<div class=\"text\">\n<h2><span style=\"font-family: helvetica, arial, sans-serif;\">Content-Dienste<\/span><\/h2>\n<p style=\"text-align: left;\"><span style=\"font-family: helvetica, arial, sans-serif;\">Wir nutzen bestimmte Dienste, um \u00fcber unsere Internetpr\u00e4senz bestimmte Inhalte oder Grafiken (Videos, Bilder, Musik, Schriftarten, Kartenmaterial) ausspielen zu k\u00f6nnen. Dabei verarbeiten die von uns eingesetzten Dienste die Ihnen zum Zeitpunkt Ihres Besuchs auf unseren Internetseiten zugeordnete IP-Adresse, da nur so der jeweilige Inhalt in dem von Ihnen verwendeten Browser dargestellt werden kann. Dar\u00fcber hinaus k\u00f6nnen die Anbieter dieser Dienste weitere Cookies auf Ihr Endger\u00e4t setzen, \u00fcber die Informationen \u00fcber Ihr Nutzungsverhalten, Ihre Interessen, das von Ihnen verwendete Ger\u00e4t und den verwendeten Browser sowie Zeitpunkt und Dauer Ihrer Sitzung erhoben werden. Diese Daten verwenden die Anbieter regelm\u00e4\u00dfig f\u00fcr Analyse-, Statistik- und Marketingzwecke. Zudem k\u00f6nnen diese Informationen k\u00f6nnen auch mit Informationen aus anderen Quellen verbunden werden. Dies gilt insbesondere dann, wenn Sie selbst einen Account bei dem Dienstanbieter unterhalten und zum Zeitpunkt der Sitzung dort eingeloggt sind.<\/span><\/p>\n<p style=\"text-align: left;\"><span style=\"font-family: helvetica, arial, sans-serif;\">Wir weisen darauf hin, dass je nach Sitzland des nachstehend genannten Diensteanbieters die nachfolgend n\u00e4her benannten Daten auf Server au\u00dferhalb des Raumes der Europ\u00e4ischen Union \u00fcbertragen und verarbeitet werden k\u00f6nnen. Es besteht in diesem Fall das Risiko, dass das von der DSGVO vorgeschriebene Datenschutzniveau nicht eingehalten und die Durchsetzung Ihrer Rechte nicht oder nur erschwert erfolgen kann.<\/span><\/p>\n<p><span style=\"font-family: helvetica, arial, sans-serif;\"><strong>Betroffene Daten:<\/strong><\/span><\/p>\n<ul>\n<li style=\"text-align: left;\"><span style=\"font-family: helvetica, arial, sans-serif;\">Nutzungsdaten (bspw. Zugriffszeiten, angeklickte Webseiten)<\/span><\/li>\n<li style=\"text-align: left;\"><span style=\"font-family: helvetica, arial, sans-serif;\">Kommunikationsdaten (bspw. Informationen \u00fcber das genutzte Ger\u00e4t, IP-Adresse)<\/span><\/li>\n<\/ul>\n<p><span style=\"font-family: helvetica, arial, sans-serif;\"><strong>Betroffene Personen:\u00a0<\/strong>Nutzer unserer Internetpr\u00e4senz<\/span><\/p>\n<p style=\"text-align: left;\"><span style=\"font-family: helvetica, arial, sans-serif;\"><strong>Verarbeitungszweck:\u00a0<\/strong>Ausspielen unserer Internetseiten, Anbieten von Inhalten, Gew\u00e4hrleistung des Betriebs unserer Internetseiten<\/span><\/p>\n<p style=\"text-align: left;\"><span style=\"font-family: helvetica, arial, sans-serif;\"><strong>Rechtsgrundlage:<\/strong>\u00a0Einwilligung \u00fcber Cookie-Consent-Banner, Art. 6 Abs. 1 lit. a DSGVO, berechtigte Interessen, Art. 6 Abs. 1 lit. f DSGVO<\/span><\/p>\n<h3><span style=\"font-family: helvetica, arial, sans-serif;\">Wir nutzen folgende Content-Dienste:<\/span><\/h3>\n<\/div>\n<\/div>\n<div class=\"ce_text privacy_item general_part4 block\">\n<div class=\"text\">\n<h2><span style=\"font-family: helvetica, arial, sans-serif;\">Sicherheitsma\u00dfnahmen<\/span><\/h2>\n<p><span style=\"font-family: helvetica, arial, sans-serif;\">Wir treffen im \u00dcbrigen technische und organisatorische Sicherheitsma\u00dfnahmen nach dem Stand der Technik, um die Vorschriften der Datenschutzgesetze einzuhalten und Ihre Daten gegen zuf\u00e4llige oder vors\u00e4tzliche Manipulationen, teilweisen oder vollst\u00e4ndigen Verlust, Zerst\u00f6rung oder gegen den unbefugten Zugriff Dritter zu sch\u00fctzen.<\/span><\/p>\n<h2><span style=\"font-family: helvetica, arial, sans-serif;\">Aktualit\u00e4t und \u00c4nderung dieser Datenschutzerkl\u00e4rung<\/span><\/h2>\n<p><span style=\"font-family: helvetica, arial, sans-serif;\">Diese Datenschutzerkl\u00e4rung ist aktuell g\u00fcltig und hat den Stand November 2020. Aufgrund ge\u00e4nderter gesetzlicher bzw. beh\u00f6rdlicher Vorgaben kann es notwendig werden, diese Datenschutzerkl\u00e4rung anzupassen.<\/span><\/p>\n<p><span style=\"font-family: helvetica, arial, sans-serif;\"><strong>Diese Datenschutzerkl\u00e4rung wurde mit Hilfe des Datenschutz-Generators von SOS Recht erstellt. SOS Recht ist ein Angebot der Mueller.legal Rechtsanw\u00e4lte Partnerschaft mit Sitz in Berlin.<\/strong><\/span><\/p>\n<\/div>\n<\/div>\n<\/div>\n<\/div>\n<\/div>\n<\/div>\n<\/div>\n<\/div>\n<p style=\"text-align: left;\">\n<p><\/main><\/div>\n","protected":false},"excerpt":{"rendered":"<p>Datenschutzerkl\u00e4rung Mit dieser Datenschutzerkl\u00e4rung m\u00f6chten wir Sie \u00fcber Art, Umfang und Zweck der Verarbeitung von personenbezogenen Daten (im Folgenden auch nur als &#8222;Daten&#8220; bezeichnet) aufkl\u00e4ren. Personenbezogene Daten sind alle Daten, die einen pers\u00f6nlichen Bezug zu Ihnen aufweisen, z. B. Name, Adresse, E-Mail-Adresse oder Ihr Nutzerverhalten. Die Datenschutzerkl\u00e4rung gilt f\u00fcr alle von uns vorgenommene Daten-Verarbeitungsvorg\u00e4nge sowohl&#8230;<\/p>\n","protected":false},"author":1,"featured_media":0,"parent":0,"menu_order":0,"comment_status":"closed","ping_status":"closed","template":"","meta":{"_kad_post_transparent":"","_kad_post_title":"hide","_kad_post_layout":"normal","_kad_post_sidebar_id":"","_kad_post_content_style":"","_kad_post_vertical_padding":"","_kad_post_feature":"","_kad_post_feature_position":"","_kad_post_header":false,"_kad_post_footer":false,"_kad_post_classname":"","footnotes":""},"class_list":["post-1565","page","type-page","status-publish","hentry"],"_links":{"self":[{"href":"https:\/\/khodamehri.com\/de\/wp-json\/wp\/v2\/pages\/1565","targetHints":{"allow":["GET"]}}],"collection":[{"href":"https:\/\/khodamehri.com\/de\/wp-json\/wp\/v2\/pages"}],"about":[{"href":"https:\/\/khodamehri.com\/de\/wp-json\/wp\/v2\/types\/page"}],"author":[{"embeddable":true,"href":"https:\/\/khodamehri.com\/de\/wp-json\/wp\/v2\/users\/1"}],"replies":[{"embeddable":true,"href":"https:\/\/khodamehri.com\/de\/wp-json\/wp\/v2\/comments?post=1565"}],"version-history":[{"count":0,"href":"https:\/\/khodamehri.com\/de\/wp-json\/wp\/v2\/pages\/1565\/revisions"}],"wp:attachment":[{"href":"https:\/\/khodamehri.com\/de\/wp-json\/wp\/v2\/media?parent=1565"}],"curies":[{"name":"wp","href":"https:\/\/api.w.org\/{rel}","templated":true}]}}